{"id":18,"date":"2021-08-14T19:56:02","date_gmt":"2021-08-14T22:56:02","guid":{"rendered":"https:\/\/sieg.org.br\/?page_id=18"},"modified":"2025-08-05T17:11:53","modified_gmt":"2025-08-05T20:11:53","slug":"diretoria","status":"publish","type":"page","link":"https:\/\/sieg.org.br\/index.php\/diretoria\/","title":{"rendered":"Diretoria"},"content":{"rendered":"\t\t<div data-elementor-type=\"wp-page\" data-elementor-id=\"18\" class=\"elementor elementor-18\" data-elementor-settings=\"[]\">\n\t\t\t\t\t\t\t<div class=\"elementor-section-wrap\">\n\t\t\t\t\t\t\t<section class=\"elementor-section elementor-top-section elementor-element elementor-element-37369f6e elementor-section-height-min-height elementor-section-boxed elementor-section-height-default elementor-section-items-middle\" data-id=\"37369f6e\" data-element_type=\"section\" data-settings=\"{&quot;background_background&quot;:&quot;classic&quot;}\">\n\t\t\t\t\t\t<div class=\"elementor-container elementor-column-gap-default\">\n\t\t\t\t\t<div class=\"elementor-column elementor-col-100 elementor-top-column elementor-element elementor-element-3e1d07e5\" data-id=\"3e1d07e5\" data-element_type=\"column\">\n\t\t\t<div class=\"elementor-widget-wrap elementor-element-populated\">\n\t\t\t\t\t\t\t\t\t<\/div>\n\t\t<\/div>\n\t\t\t\t\t\t\t<\/div>\n\t\t<\/section>\n\t\t\t\t<section class=\"elementor-section elementor-top-section elementor-element elementor-element-677278e elementor-section-boxed elementor-section-height-default elementor-section-height-default\" data-id=\"677278e\" data-element_type=\"section\">\n\t\t\t\t\t\t<div class=\"elementor-container elementor-column-gap-default\">\n\t\t\t\t\t<div class=\"elementor-column elementor-col-100 elementor-top-column elementor-element elementor-element-3fada1e\" data-id=\"3fada1e\" data-element_type=\"column\">\n\t\t\t<div class=\"elementor-widget-wrap elementor-element-populated\">\n\t\t\t\t\t\t\t\t<div class=\"elementor-element elementor-element-115a609 elementor-widget elementor-widget-heading\" data-id=\"115a609\" data-element_type=\"widget\" data-widget_type=\"heading.default\">\n\t\t\t\t<div class=\"elementor-widget-container\">\n\t\t\t<h2 class=\"elementor-heading-title elementor-size-default\"><font style=\"vertical-align: inherit;\"><font style=\"vertical-align: inherit;\">Quadri\u00eanio  <\/font><\/font><font style=\"vertical-align: inherit;\"><font style=\"vertical-align: inherit;\">2025-2029<\/font><\/font><\/h2>\t\t<\/div>\n\t\t\t\t<\/div>\n\t\t\t\t<section class=\"elementor-section elementor-inner-section elementor-element elementor-element-002f825 elementor-section-boxed elementor-section-height-default elementor-section-height-default\" data-id=\"002f825\" data-element_type=\"section\">\n\t\t\t\t\t\t<div class=\"elementor-container elementor-column-gap-default\">\n\t\t\t\t\t<div class=\"elementor-column elementor-col-50 elementor-inner-column elementor-element elementor-element-5144c68\" data-id=\"5144c68\" data-element_type=\"column\">\n\t\t\t<div class=\"elementor-widget-wrap elementor-element-populated\">\n\t\t\t\t\t\t\t\t<div class=\"elementor-element elementor-element-7130a17 elementor-widget elementor-widget-text-editor\" data-id=\"7130a17\" data-element_type=\"widget\" data-widget_type=\"text-editor.default\">\n\t\t\t\t<div class=\"elementor-widget-container\">\n\t\t\t\t\t\t\t\t<p><strong><span style=\"vertical-align: inherit;\"><span style=\"vertical-align: inherit;\"><span style=\"vertical-align: inherit;\"><span style=\"vertical-align: inherit;\"><span style=\"vertical-align: inherit;\"><span style=\"vertical-align: inherit;\"><span style=\"vertical-align: inherit;\"><span style=\"vertical-align: inherit;\"><span style=\"vertical-align: inherit;\"><span style=\"vertical-align: inherit;\"><span style=\"vertical-align: inherit;\"><span style=\"vertical-align: inherit;\">Diretoria<\/span><\/span><\/span><\/span><\/span><\/span><\/span><\/span><\/span><\/span><\/span><\/span><\/strong><\/p><p>Presidente \u2013 Dionne Hallyson Silva de Siqueira<\/p><p>Vice-presidente \u2013 Roberta Ribeiro Rios<\/p><p>Diretora Administrativa \u2013 Nayara Siqueira Antunes Gadelha<\/p><p>Diretora Financeira \u2013 Elisangela Alves de Morais<\/p><p>Diretor de Comunica\u00e7\u00e3o e Marketing \u2013 Adalberto Silva Meira<\/p><p>Diretora de Assuntos Jur\u00eddicos \u2013 Mavia Mendes de Silva<\/p><p>Diretora de Pol\u00edtica e Forma\u00e7\u00e3o Sindical \u2013 Sirley Braga Filho Pires<\/p><p>Diretor de Pol\u00edticas Sociais e Direitos Humanos \u2013 Josiel Ribeiro Cunha<\/p><p>Diretora de Diversidade e Inclus\u00e3o \u2013 Maria Neusa A. Flor\u00eancio Cal\u00e1cio<\/p><p>Diretora de Pol\u00edtica de Sa\u00fade \u2013 Patr\u00edcia Pereira de Vasconcelos<\/p><p>Diretora de Sa\u00fade do Trabalhador \u2013 Roc\u00ednilia Aparecida Melo<\/p><p><span style=\"vertical-align: inherit;\"><span style=\"vertical-align: inherit;\"><span style=\"vertical-align: inherit;\"><span style=\"vertical-align: inherit;\"><span style=\"vertical-align: inherit;\"><span style=\"vertical-align: inherit;\"><span style=\"vertical-align: inherit;\"><span style=\"vertical-align: inherit;\">\u00a0<\/span><\/span><\/span><\/span><\/span><\/span><\/span><\/span><\/p><p><strong style=\"color: var( --e-global-color-text ); font-family: var( --e-global-typography-text-font-family ), Sans-serif; font-size: 1rem;\"><span style=\"vertical-align: inherit;\"><span style=\"vertical-align: inherit;\"><span style=\"vertical-align: inherit;\"><span style=\"vertical-align: inherit;\"><span style=\"vertical-align: inherit;\"><span style=\"vertical-align: inherit;\"><span style=\"vertical-align: inherit;\"><span style=\"vertical-align: inherit;\">Conselho Fiscal Efetivo<\/span><\/span><\/span><\/span><\/span><\/span><\/span><\/span><\/strong><\/p><p>Rosimaria Barreto de Oliveira<\/p><p>Wesley Franco de Melo<\/p><p>Edilane Aparecida Mendes de Oliveira<\/p>\t\t\t\t\t\t<\/div>\n\t\t\t\t<\/div>\n\t\t\t\t\t<\/div>\n\t\t<\/div>\n\t\t\t\t<div class=\"elementor-column elementor-col-50 elementor-inner-column elementor-element elementor-element-d71ad30\" data-id=\"d71ad30\" data-element_type=\"column\">\n\t\t\t<div class=\"elementor-widget-wrap elementor-element-populated\">\n\t\t\t\t\t\t\t\t<div class=\"elementor-element elementor-element-f245fae elementor-widget elementor-widget-text-editor\" data-id=\"f245fae\" data-element_type=\"widget\" data-widget_type=\"text-editor.default\">\n\t\t\t\t<div class=\"elementor-widget-container\">\n\t\t\t\t\t\t\t\t\t\t\t\t\t\t<\/div>\n\t\t\t\t<\/div>\n\t\t\t\t\t<\/div>\n\t\t<\/div>\n\t\t\t\t\t\t\t<\/div>\n\t\t<\/section>\n\t\t\t\t\t<\/div>\n\t\t<\/div>\n\t\t\t\t\t\t\t<\/div>\n\t\t<\/section>\n\t\t\t\t\t\t<\/div>\n\t\t\t\t\t<\/div>\n\t\t","protected":false},"excerpt":{"rendered":"<p>Quadri\u00eanio 2025-2029 Diretoria Presidente \u2013 Dionne Hallyson Silva de Siqueira Vice-presidente \u2013 Roberta Ribeiro Rios Diretora Administrativa \u2013 Nayara Siqueira Antunes Gadelha Diretora Financeira \u2013 Elisangela Alves de Morais Diretor de Comunica\u00e7\u00e3o e Marketing \u2013 Adalberto Silva Meira Diretora de Assuntos Jur\u00eddicos \u2013 Mavia Mendes de Silva Diretora de Pol\u00edtica e Forma\u00e7\u00e3o Sindical \u2013 Sirley [&hellip;]<\/p>\n","protected":false},"author":1,"featured_media":0,"parent":0,"menu_order":0,"comment_status":"closed","ping_status":"closed","template":"elementor_header_footer","meta":{"_mi_skip_tracking":false,"footnotes":""},"aioseo_notices":[],"_links":{"self":[{"href":"https:\/\/sieg.org.br\/index.php\/wp-json\/wp\/v2\/pages\/18"}],"collection":[{"href":"https:\/\/sieg.org.br\/index.php\/wp-json\/wp\/v2\/pages"}],"about":[{"href":"https:\/\/sieg.org.br\/index.php\/wp-json\/wp\/v2\/types\/page"}],"author":[{"embeddable":true,"href":"https:\/\/sieg.org.br\/index.php\/wp-json\/wp\/v2\/users\/1"}],"replies":[{"embeddable":true,"href":"https:\/\/sieg.org.br\/index.php\/wp-json\/wp\/v2\/comments?post=18"}],"version-history":[{"count":25,"href":"https:\/\/sieg.org.br\/index.php\/wp-json\/wp\/v2\/pages\/18\/revisions"}],"predecessor-version":[{"id":1239,"href":"https:\/\/sieg.org.br\/index.php\/wp-json\/wp\/v2\/pages\/18\/revisions\/1239"}],"wp:attachment":[{"href":"https:\/\/sieg.org.br\/index.php\/wp-json\/wp\/v2\/media?parent=18"}],"curies":[{"name":"wp","href":"https:\/\/api.w.org\/{rel}","templated":true}]}}